{"id":6915,"date":"2021-12-11T14:40:12","date_gmt":"2021-12-11T13:40:12","guid":{"rendered":"https:\/\/www.pfarrei-due-wo.de\/?page_id=6915"},"modified":"2021-12-21T13:19:54","modified_gmt":"2021-12-21T12:19:54","slug":"kirchenchor-hoegling","status":"publish","type":"page","link":"https:\/\/www.pfarrei-due-wo.de\/?page_id=6915","title":{"rendered":"Kirchenchor H\u00f6gling"},"content":{"rendered":"<p align=\"left\">Im Lauf der Geschichte der Kirche in H\u00f6gling wurde immer wieder gemeinsam gesungen und Gottesdienste gestaltet. Die Tradition eines Kirchenchores ist bis ins 19. Jhd. belegt, doch wurde sein Bestehen immer wieder unterbrochen, zuletzt w\u00e4hrend des 2. Weltkrieges, wo der Chor verboten und aufgel\u00f6st wurde.<\/p>\n<p align=\"left\">1964 kam Pater Jakob Tischner nach H\u00f6gling. Er bat Lehrer Ulrich B\u00e4r, wieder einen Chor zur gr\u00fcnden, was 1965 gelang. Aufgrund von Unstimmigkeiten zwischen dem Chorleiter und dem Pfarrer l\u00f6ste sich der Chor nach etlichen Jahren wieder auf. Anna Niedermeier \u00fcbernahm in dieser Zeit den &#8222;Notdienst&#8220; mit ein paar M\u00e4dchen.<\/p>\n<p align=\"left\">Anl\u00e4sslich einer anstehenden Primiz bat Pfarrer Karl Florl, der zwischenzeitlich nach H\u00f6gling kam, Lehrer Ulrich B\u00e4r, den Chor wieder zu gr\u00fcnden und zu dirrigieren. So wurde am 13.03.1981 wieder zusammen gesungen.<\/p>\n<p align=\"left\">Im Jahr 1989 \u00fcbernahm Evi Schottenheim auf Bitten der Chormitglieder die Chorleitung, da Ulrich B\u00e4r aus gesundheitlichen Gr\u00fcnden nicht mehr in der Lage war. Evi Schottenheim leitete den Chor 22 Jahre, bis sie sich aus diesem Amt verabschiedete. Seit dem 19.10.2011 ist Martina Neubauer Chorleiterin.<\/p>\n<p align=\"left\">Der Kirchenchor in H\u00f6gling gestaltet viele Gottesdienste musikalisch, besonders die Feiertagsgottesdienste und Beerdigungen. Das 40-j\u00e4hrige Bestehen (seit der letzten Wiederbegr\u00fcndung) wurde am 13.11.2021 gefeiert.<\/p>\n<p align=\"left\">\n","protected":false},"excerpt":{"rendered":"<p>Im Lauf der Geschichte der Kirche in H\u00f6gling wurde immer wieder gemeinsam gesungen und Gottesdienste gestaltet. Die Tradition eines Kirchenchores ist bis ins 19. Jhd. belegt, doch wurde sein Bestehen &hellip; <\/p>\n","protected":false},"author":4,"featured_media":6911,"parent":0,"menu_order":0,"comment_status":"closed","ping_status":"closed","template":"","meta":{"jetpack_post_was_ever_published":false,"footnotes":""},"class_list":["post-6915","page","type-page","status-publish","has-post-thumbnail","hentry"],"jetpack_sharing_enabled":false,"jetpack_shortlink":"https:\/\/wp.me\/P8HCtc-1Nx","jetpack-related-posts":[{"id":87,"url":"https:\/\/www.pfarrei-due-wo.de\/?page_id=87","url_meta":{"origin":6915,"position":0},"title":"Kirchen und Kapellen","author":"Matthias Heimler","date":"6. Mai 2017","format":false,"excerpt":"Pfarrkirche St. Albertus Magnus (D\u00fcrnsricht) Mit der sprunghaft angewachsenen Bev\u00f6lkerung nach dem 2. Weltkrieg war die Ulrichskirche zu klein und ein Kirchenneubau dringend n\u00f6tig. Dieser entstand in den Jahren 1960\/1961 am Westausgang D\u00fcrnsrichts, im gleichen Zuge mit dem Neubau der Volksschule und des Pfarr- bzw. Lehrerwohnhauses. Am 30. Juni 1963\u2026","rel":"","context":"\u00c4hnlicher Beitrag","block_context":{"text":"\u00c4hnlicher Beitrag","link":""},"img":{"alt_text":"","src":"https:\/\/i0.wp.com\/www.pfarrei-due-wo.de\/wp-content\/uploads\/2017\/05\/DSC_0363.jpg?resize=350%2C200","width":350,"height":200,"srcset":"https:\/\/i0.wp.com\/www.pfarrei-due-wo.de\/wp-content\/uploads\/2017\/05\/DSC_0363.jpg?resize=350%2C200 1x, https:\/\/i0.wp.com\/www.pfarrei-due-wo.de\/wp-content\/uploads\/2017\/05\/DSC_0363.jpg?resize=525%2C300 1.5x, https:\/\/i0.wp.com\/www.pfarrei-due-wo.de\/wp-content\/uploads\/2017\/05\/DSC_0363.jpg?resize=700%2C400 2x, https:\/\/i0.wp.com\/www.pfarrei-due-wo.de\/wp-content\/uploads\/2017\/05\/DSC_0363.jpg?resize=1050%2C600 3x, https:\/\/i0.wp.com\/www.pfarrei-due-wo.de\/wp-content\/uploads\/2017\/05\/DSC_0363.jpg?resize=1400%2C800 4x"},"classes":[]},{"id":679,"url":"https:\/\/www.pfarrei-due-wo.de\/?page_id=679","url_meta":{"origin":6915,"position":1},"title":"Kirchenchor D\u00fcrnsricht-Wolfring","author":"Matthias Heimler","date":"10. Mai 2017","format":false,"excerpt":"Kleine Chronik der Kirchenmusik in D\u00fcrnsricht-Wolfring Den Anfang eines Kirchenchores kann man selten genau feststellen, da keinerlei schriftliche Aufzeichnungen gemacht werden, wie bei der Gr\u00fcndung eines Vereins. Da unser Chor zu keiner Zeit ein Verein war, kann man sich nur auf die Erz\u00e4hlungen unserer \u00e4ltesten, ehemaligen Chors\u00e4ngerinnen verlassen. Diese erinnern\u2026","rel":"","context":"\u00c4hnlicher Beitrag","block_context":{"text":"\u00c4hnlicher Beitrag","link":""},"img":{"alt_text":"","src":"https:\/\/i0.wp.com\/www.pfarrei-due-wo.de\/wp-content\/uploads\/2017\/05\/kirchenchor.jpg?fit=600%2C414&ssl=1&resize=350%2C200","width":350,"height":200,"srcset":"https:\/\/i0.wp.com\/www.pfarrei-due-wo.de\/wp-content\/uploads\/2017\/05\/kirchenchor.jpg?fit=600%2C414&ssl=1&resize=350%2C200 1x, https:\/\/i0.wp.com\/www.pfarrei-due-wo.de\/wp-content\/uploads\/2017\/05\/kirchenchor.jpg?fit=600%2C414&ssl=1&resize=525%2C300 1.5x"},"classes":[]},{"id":35,"url":"https:\/\/www.pfarrei-due-wo.de\/?page_id=35","url_meta":{"origin":6915,"position":2},"title":"Seelsorger","author":"Matthias Heimler","date":"6. Mai 2017","format":false,"excerpt":"Pfarrer Celestine Joseph Thazhuppil Liebe Pfarrgemeinde, liebe Gl\u00e4ubige der Pfarreiengemeinschaft D\u00fcrnsricht-Wolfring mit der Expositur H\u00f6gling, mein Name ist Celestine Joseph Thazhuppil. Ich wurde am 30. Mai 1975 geboren und stamme aus dem Bundesstaat Kerala in S\u00fcdindien. Meine priesterliche Ausbildung begann 1990 im Priesterseminar in Cochin. F\u00fcr meine weiterf\u00fchrende Ausbildung entsandte\u2026","rel":"","context":"\u00c4hnlicher Beitrag","block_context":{"text":"\u00c4hnlicher Beitrag","link":""},"img":{"alt_text":"","src":"https:\/\/i0.wp.com\/www.pfarrei-due-wo.de\/wp-content\/uploads\/2025\/09\/pfarrer_thazhuppil.jpg?resize=350%2C200&ssl=1","width":350,"height":200},"classes":[]},{"id":85,"url":"https:\/\/www.pfarrei-due-wo.de\/?page_id=85","url_meta":{"origin":6915,"position":3},"title":"Pfarrgemeinderat und Ortsaussch\u00fcsse","author":"Matthias Heimler","date":"6. Mai 2017","format":false,"excerpt":"Der Pfarrgemeinderat in der Pfarrei D\u00fcrnsricht-Wolfring mit Expositur H\u00f6gling setzt sich aus 12 gew\u00e4hlten Mitgliedern zusammen und ber\u00e4t und unterst\u00fctzt den Pfarrer in vielen seelsorglichen Belangen. Der Pfarrgemeinderat hat ein Leitbild f\u00fcr die Arbeit im Pfarrgemeinderat entwickelt. Sie k\u00f6nnen es hier herunterladen. Am 20. M\u00e4rz 2022 wurde der Pfarrgemeinderat neu\u2026","rel":"","context":"\u00c4hnlicher Beitrag","block_context":{"text":"\u00c4hnlicher Beitrag","link":""},"img":{"alt_text":"","src":"https:\/\/i0.wp.com\/www.pfarrei-due-wo.de\/wp-content\/uploads\/2022\/04\/IMG-20220331-WA0008_bearb.jpg?resize=350%2C200&ssl=1","width":350,"height":200,"srcset":"https:\/\/i0.wp.com\/www.pfarrei-due-wo.de\/wp-content\/uploads\/2022\/04\/IMG-20220331-WA0008_bearb.jpg?resize=350%2C200&ssl=1 1x, https:\/\/i0.wp.com\/www.pfarrei-due-wo.de\/wp-content\/uploads\/2022\/04\/IMG-20220331-WA0008_bearb.jpg?resize=525%2C300&ssl=1 1.5x, https:\/\/i0.wp.com\/www.pfarrei-due-wo.de\/wp-content\/uploads\/2022\/04\/IMG-20220331-WA0008_bearb.jpg?resize=700%2C400&ssl=1 2x"},"classes":[]},{"id":82,"url":"https:\/\/www.pfarrei-due-wo.de\/?page_id=82","url_meta":{"origin":6915,"position":4},"title":"Kirchenstiftungen und ihre Verwaltung","author":"Matthias Heimler","date":"6. Mai 2017","format":false,"excerpt":"Die Verwaltung der Finanzen einer Pfarrei oder einer Filiale\/Expositur erfolgt in der Rechtsform einer Stiftung. In unserer Pfarrei gibt es drei Kirchenstiftungen, die jeweils von einer Kirchenverwaltung unter dem Vorsitz des Pfarrers gef\u00fchrt werden. \u00a0 Pfarrkirchenstiftung D\u00fcrnsricht Die Pfarrkirchenstiftung umfasst die Belange der\u00a0gesamten Pfarrgemeinde und ist Mutterkirchenstiftung f\u00fcr die Filialkirchenstiftung\u2026","rel":"","context":"\u00c4hnlicher Beitrag","block_context":{"text":"\u00c4hnlicher Beitrag","link":""},"img":{"alt_text":"","src":"https:\/\/i0.wp.com\/www.pfarrei-due-wo.de\/wp-content\/uploads\/2025\/09\/PHOTO-2025-09-06-16-36-58-300x225.jpg?resize=350%2C200&ssl=1","width":350,"height":200},"classes":[]},{"id":91,"url":"https:\/\/www.pfarrei-due-wo.de\/?page_id=91","url_meta":{"origin":6915,"position":5},"title":"Pfarreigeschichte","author":"Matthias Heimler","date":"6. Mai 2017","format":false,"excerpt":"Die ersten aktenkundlichen Belege D\u00fcrnsricht D\u00fcrnsricht wird 1286 als selbstst\u00e4ndige Pfarrei aufgef\u00fchrt. Der erste Pfarrer des Ortes, Provisor Friedrich von Allenburg, war ein Angeh\u00f6riger des Klosters Ensdorf. Er legte dort seine Profess ab und wirkte in D\u00fcrnsricht von 1289 bis 1301. Danach wurde er Prior und 1309 Abt des Klosters.\u2026","rel":"","context":"\u00c4hnlicher Beitrag","block_context":{"text":"\u00c4hnlicher Beitrag","link":""},"img":{"alt_text":"","src":"https:\/\/i0.wp.com\/www.pfarrei-due-wo.de\/wp-content\/uploads\/2023\/08\/schindler.jpg?resize=350%2C200&ssl=1","width":350,"height":200},"classes":[]}],"publishpress_future_action":{"enabled":false,"date":"2026-05-08 03:27:58","action":"change-status","newStatus":"draft","terms":[],"taxonomy":"","extraData":[]},"publishpress_future_workflow_manual_trigger":{"enabledWorkflows":[]},"_links":{"self":[{"href":"https:\/\/www.pfarrei-due-wo.de\/index.php?rest_route=\/wp\/v2\/pages\/6915","targetHints":{"allow":["GET"]}}],"collection":[{"href":"https:\/\/www.pfarrei-due-wo.de\/index.php?rest_route=\/wp\/v2\/pages"}],"about":[{"href":"https:\/\/www.pfarrei-due-wo.de\/index.php?rest_route=\/wp\/v2\/types\/page"}],"author":[{"embeddable":true,"href":"https:\/\/www.pfarrei-due-wo.de\/index.php?rest_route=\/wp\/v2\/users\/4"}],"replies":[{"embeddable":true,"href":"https:\/\/www.pfarrei-due-wo.de\/index.php?rest_route=%2Fwp%2Fv2%2Fcomments&post=6915"}],"version-history":[{"count":4,"href":"https:\/\/www.pfarrei-due-wo.de\/index.php?rest_route=\/wp\/v2\/pages\/6915\/revisions"}],"predecessor-version":[{"id":6939,"href":"https:\/\/www.pfarrei-due-wo.de\/index.php?rest_route=\/wp\/v2\/pages\/6915\/revisions\/6939"}],"wp:featuredmedia":[{"embeddable":true,"href":"https:\/\/www.pfarrei-due-wo.de\/index.php?rest_route=\/wp\/v2\/media\/6911"}],"wp:attachment":[{"href":"https:\/\/www.pfarrei-due-wo.de\/index.php?rest_route=%2Fwp%2Fv2%2Fmedia&parent=6915"}],"curies":[{"name":"wp","href":"https:\/\/api.w.org\/{rel}","templated":true}]}}