{"id":6020,"date":"2021-05-16T16:51:48","date_gmt":"2021-05-16T14:51:48","guid":{"rendered":"http:\/\/www.pfarrei-due-wo.de\/?page_id=6020"},"modified":"2021-05-18T18:32:42","modified_gmt":"2021-05-18T16:32:42","slug":"renovierungsmassnahmen-st-michael-wolfring-2","status":"publish","type":"page","link":"https:\/\/www.pfarrei-due-wo.de\/?page_id=6020","title":{"rendered":"Renovierungsma\u00dfnahmen St. Michael, Wolfring"},"content":{"rendered":"<h4>Ein Geb\u00e4ude f\u00fcr die Menschen<\/h4>\n<p>Die Kirche St. Michael in Wolfring wurde 1501 erbaut und 1763 barockisiert. Seitdem tr\u00e4gt sie im Gro\u00dfen und Ganzen ihr heutiges Erscheinungsbild. Viele Renovierungsma\u00dfnahmen im Lauf der Geschichte des Gotteshauses haben dazu beigetragen, dass das Geb\u00e4ude bis in unsere Zeit bewahrt bleiben konnte. Unz\u00e4hlige Menschen haben seither daran mitgearbeitet oder ihre Spenden gegeben, dass wir bis heute unsere Sonntags- und Feiertagsgottesdienste, unsere Taufen und Beerdigungen, unsere Andachten und Konzerte in dieser Kirche feiern k\u00f6nnen.<\/p>\n<p>Welch ein beeindruckendes Geb\u00e4ude im Ortskern von Wolfring die St. Michaelskirche ist, k\u00f6nnen Sie sich <span style=\"color: #800080;\"><a style=\"color: #800080;\" href=\"https:\/\/www.pfarrei-due-wo.de\/wp-content\/uploads\/2021\/05\/St.-Michael-Wolfring-17.5.21_compressed.pdf\" target=\"_blank\" rel=\"noopener\">hier in dieser Pr\u00e4sentation<\/a><\/span> ansehen oder auf folgenden Bildern.<span style=\"color: #800080;\"><br \/>\n<\/span><\/p>\n<p>&nbsp;<\/p>\n<p class=\"jetpack-slideshow-noscript robots-nocontent\">Diese Diashow ben\u00f6tigt JavaScript.<\/p><div id=\"gallery-6020-1-slideshow\" class=\"jetpack-slideshow-window jetpack-slideshow jetpack-slideshow-black\" data-trans=\"fade\" data-autostart=\"1\" data-gallery=\"[{&quot;src&quot;:&quot;https:\\\/\\\/i0.wp.com\\\/www.pfarrei-due-wo.de\\\/wp-content\\\/uploads\\\/2021\\\/05\\\/DSC_1407-scaled.jpg?fit=2560%2C1696\\u0026ssl=1&quot;,&quot;id&quot;:&quot;6041&quot;,&quot;title&quot;:&quot;Au\\u00dfenrenovierung 2014&quot;,&quot;alt&quot;:&quot;&quot;,&quot;caption&quot;:&quot;&quot;,&quot;itemprop&quot;:&quot;image&quot;},{&quot;src&quot;:&quot;https:\\\/\\\/i0.wp.com\\\/www.pfarrei-due-wo.de\\\/wp-content\\\/uploads\\\/2019\\\/02\\\/20190214_190257-e1550246249851.jpg?fit=3608%2C1784\\u0026ssl=1&quot;,&quot;id&quot;:&quot;3061&quot;,&quot;title&quot;:&quot;Gottesdienst zum Valentinstag&quot;,&quot;alt&quot;:&quot;&quot;,&quot;caption&quot;:&quot;&quot;,&quot;itemprop&quot;:&quot;image&quot;},{&quot;src&quot;:&quot;https:\\\/\\\/i0.wp.com\\\/www.pfarrei-due-wo.de\\\/wp-content\\\/uploads\\\/2017\\\/05\\\/Michael-1.jpg?fit=900%2C600\\u0026ssl=1&quot;,&quot;id&quot;:&quot;633&quot;,&quot;title&quot;:&quot;&quot;,&quot;alt&quot;:&quot;&quot;,&quot;caption&quot;:&quot;&quot;,&quot;itemprop&quot;:&quot;image&quot;},{&quot;src&quot;:&quot;https:\\\/\\\/i0.wp.com\\\/www.pfarrei-due-wo.de\\\/wp-content\\\/uploads\\\/2019\\\/04\\\/2019-Ostermontag-03.jpg?fit=3077%2C2051\\u0026ssl=1&quot;,&quot;id&quot;:&quot;3323&quot;,&quot;title&quot;:&quot;Ostermontag 2019 in Wolfring&quot;,&quot;alt&quot;:&quot;&quot;,&quot;caption&quot;:&quot;&quot;,&quot;itemprop&quot;:&quot;image&quot;},{&quot;src&quot;:&quot;https:\\\/\\\/i0.wp.com\\\/www.pfarrei-due-wo.de\\\/wp-content\\\/uploads\\\/2019\\\/05\\\/JBK-Nachwuchskapelle.jpg?fit=1440%2C1080\\u0026ssl=1&quot;,&quot;id&quot;:&quot;3434&quot;,&quot;title&quot;:&quot;900 Jahre Wolfring \\u0026#8211; JBK-Nachwuchskapelle&quot;,&quot;alt&quot;:&quot;&quot;,&quot;caption&quot;:&quot;&quot;,&quot;itemprop&quot;:&quot;image&quot;},{&quot;src&quot;:&quot;https:\\\/\\\/i0.wp.com\\\/www.pfarrei-due-wo.de\\\/wp-content\\\/uploads\\\/2019\\\/12\\\/cousinentoene-scaled.jpg?fit=2560%2C1636\\u0026ssl=1&quot;,&quot;id&quot;:&quot;4015&quot;,&quot;title&quot;:&quot;Konzert der Cousinent\\u00f6ne&quot;,&quot;alt&quot;:&quot;&quot;,&quot;caption&quot;:&quot;&quot;,&quot;itemprop&quot;:&quot;image&quot;},{&quot;src&quot;:&quot;https:\\\/\\\/i0.wp.com\\\/www.pfarrei-due-wo.de\\\/wp-content\\\/uploads\\\/2019\\\/05\\\/Glorificamus.jpg?fit=3264%2C2448\\u0026ssl=1&quot;,&quot;id&quot;:&quot;3432&quot;,&quot;title&quot;:&quot;900 Jahre Wolfring \\u0026#8211; Glorificamus&quot;,&quot;alt&quot;:&quot;&quot;,&quot;caption&quot;:&quot;&quot;,&quot;itemprop&quot;:&quot;image&quot;},{&quot;src&quot;:&quot;https:\\\/\\\/i0.wp.com\\\/www.pfarrei-due-wo.de\\\/wp-content\\\/uploads\\\/2020\\\/04\\\/2014-Wo-Kirche-01-scaled.jpg?fit=2560%2C1707\\u0026ssl=1&quot;,&quot;id&quot;:&quot;4521&quot;,&quot;title&quot;:&quot;Wolfring, St. Michael&quot;,&quot;alt&quot;:&quot;&quot;,&quot;caption&quot;:&quot;&quot;,&quot;itemprop&quot;:&quot;image&quot;}]\" itemscope itemtype=\"https:\/\/schema.org\/ImageGallery\"><\/div>\n<p style=\"text-align: right;\"><span style=\"color: #800080;\"><a style=\"color: #800080;\" href=\"https:\/\/www.pfarrei-due-wo.de\/?page_id=6053&amp;preview=true\">weiter &gt;<\/a><\/span><\/p>\n<p>&nbsp;<\/p>\n<p>&nbsp;<\/p>\n<p>&nbsp;<\/p>\n","protected":false},"excerpt":{"rendered":"<p>Ein Geb\u00e4ude f\u00fcr die Menschen Die Kirche St. Michael in Wolfring wurde 1501 erbaut und 1763 barockisiert. Seitdem tr\u00e4gt sie im Gro\u00dfen und Ganzen ihr heutiges Erscheinungsbild. Viele Renovierungsma\u00dfnahmen im &hellip; <\/p>\n","protected":false},"author":4,"featured_media":3439,"parent":0,"menu_order":0,"comment_status":"closed","ping_status":"closed","template":"","meta":{"footnotes":""},"class_list":["post-6020","page","type-page","status-publish","has-post-thumbnail","hentry"],"jetpack_sharing_enabled":true,"jetpack_shortlink":"https:\/\/wp.me\/P8HCtc-1z6","jetpack-related-posts":[{"id":6057,"url":"https:\/\/www.pfarrei-due-wo.de\/?page_id=6057","url_meta":{"origin":6020,"position":0},"title":"Renovierungsma\u00dfnahmen St. Michael, Wolfring","author":"Matthias Heimler","date":"16. Mai 2021","format":false,"excerpt":"Was ist als N\u00e4chstes geplant? Der n\u00e4chste Schritt im Renovierungskonzept ist die Finanzierung des zweiten Bauabschnittes sicherzustellen. Derzeit wird gepr\u00fcft, wie dieser Abschnitt finanziert werden kann. Dazu fanden schon einige Gespr\u00e4che mit Entscheidungstr\u00e4gern und Planern statt. \u00a0 Auf der Suche nach Spendern und F\u00f6rderern Wollen auch Sie etwas beitragen, dass\u2026","rel":"","context":"\u00c4hnlicher Beitrag","block_context":{"text":"\u00c4hnlicher Beitrag","link":""},"img":{"alt_text":"","src":"https:\/\/i0.wp.com\/www.pfarrei-due-wo.de\/wp-content\/uploads\/2019\/05\/2019.05.04-Ca-01-e1557854371980.jpg?fit=1200%2C536&ssl=1&resize=350%2C200","width":350,"height":200,"srcset":"https:\/\/i0.wp.com\/www.pfarrei-due-wo.de\/wp-content\/uploads\/2019\/05\/2019.05.04-Ca-01-e1557854371980.jpg?fit=1200%2C536&ssl=1&resize=350%2C200 1x, https:\/\/i0.wp.com\/www.pfarrei-due-wo.de\/wp-content\/uploads\/2019\/05\/2019.05.04-Ca-01-e1557854371980.jpg?fit=1200%2C536&ssl=1&resize=525%2C300 1.5x, https:\/\/i0.wp.com\/www.pfarrei-due-wo.de\/wp-content\/uploads\/2019\/05\/2019.05.04-Ca-01-e1557854371980.jpg?fit=1200%2C536&ssl=1&resize=700%2C400 2x, https:\/\/i0.wp.com\/www.pfarrei-due-wo.de\/wp-content\/uploads\/2019\/05\/2019.05.04-Ca-01-e1557854371980.jpg?fit=1200%2C536&ssl=1&resize=1050%2C600 3x"},"classes":[]},{"id":6056,"url":"https:\/\/www.pfarrei-due-wo.de\/?page_id=6056","url_meta":{"origin":6020,"position":1},"title":"Renovierungsma\u00dfnahmen St. Michael, Wolfring","author":"Matthias Heimler","date":"16. Mai 2021","format":false,"excerpt":"Zuschussgeber sind enorm wichtig, um gemeinsam voranzukommen Unsere Zuschussgeber f\u00fcr die Renovierungsma\u00dfnahmen sind: Die Bisch\u00f6fliche Finanzkammer (50% der anrechenbaren Kosten, Kirchensteuermittel), Bayerische Landesstiftung, Bayerisches Landesamt f\u00fcr Denkmalpflege, Bezirk Oberpfalz, Expositurverein Wolfring. Dennoch bleiben immer noch knapp die H\u00e4lfte der Renovierungskosten von der Filialkirchenstiftung Wolfring zu tragen. \u00a0 Bereits erfolgreich durchgef\u00fchrte\u2026","rel":"","context":"\u00c4hnlicher Beitrag","block_context":{"text":"\u00c4hnlicher Beitrag","link":""},"img":{"alt_text":"","src":"https:\/\/i0.wp.com\/www.pfarrei-due-wo.de\/wp-content\/uploads\/2019\/05\/2019.05.04-Ca-01-e1557854371980.jpg?fit=1200%2C536&ssl=1&resize=350%2C200","width":350,"height":200,"srcset":"https:\/\/i0.wp.com\/www.pfarrei-due-wo.de\/wp-content\/uploads\/2019\/05\/2019.05.04-Ca-01-e1557854371980.jpg?fit=1200%2C536&ssl=1&resize=350%2C200 1x, https:\/\/i0.wp.com\/www.pfarrei-due-wo.de\/wp-content\/uploads\/2019\/05\/2019.05.04-Ca-01-e1557854371980.jpg?fit=1200%2C536&ssl=1&resize=525%2C300 1.5x, https:\/\/i0.wp.com\/www.pfarrei-due-wo.de\/wp-content\/uploads\/2019\/05\/2019.05.04-Ca-01-e1557854371980.jpg?fit=1200%2C536&ssl=1&resize=700%2C400 2x, https:\/\/i0.wp.com\/www.pfarrei-due-wo.de\/wp-content\/uploads\/2019\/05\/2019.05.04-Ca-01-e1557854371980.jpg?fit=1200%2C536&ssl=1&resize=1050%2C600 3x"},"classes":[]},{"id":31,"url":"https:\/\/www.pfarrei-due-wo.de\/?page_id=31","url_meta":{"origin":6020,"position":2},"title":"Unsere Pfarrei","author":"Matthias Heimler","date":"6. Mai 2017","format":false,"excerpt":"Die Pfarrei D\u00fcrnsricht-Wolfring wurde am 1. Mai 1969 errichtet und liegt im Herzen der Di\u00f6zese Regensburg, etwa 15 km \u00f6stlich von Amberg. Sie ist dem Dekanat Nabburg zugeordnet. Seit dem 1. Juli 2011 geh\u00f6rt die Expositur H\u00f6gling mit zur Pfarrei. Der Pfarrpatron ist der Heilige Albertus Magnus. Vielleicht m\u00f6chten Sie\u2026","rel":"","context":"\u00c4hnlicher Beitrag","block_context":{"text":"\u00c4hnlicher Beitrag","link":""},"img":{"alt_text":"","src":"https:\/\/i0.wp.com\/www.pfarrei-due-wo.de\/wp-content\/uploads\/2026\/02\/CB7CD1FA-3509-47C4-9724-456AEFD65A54.jpeg?fit=1200%2C790&ssl=1&resize=350%2C200","width":350,"height":200,"srcset":"https:\/\/i0.wp.com\/www.pfarrei-due-wo.de\/wp-content\/uploads\/2026\/02\/CB7CD1FA-3509-47C4-9724-456AEFD65A54.jpeg?fit=1200%2C790&ssl=1&resize=350%2C200 1x, https:\/\/i0.wp.com\/www.pfarrei-due-wo.de\/wp-content\/uploads\/2026\/02\/CB7CD1FA-3509-47C4-9724-456AEFD65A54.jpeg?fit=1200%2C790&ssl=1&resize=525%2C300 1.5x, https:\/\/i0.wp.com\/www.pfarrei-due-wo.de\/wp-content\/uploads\/2026\/02\/CB7CD1FA-3509-47C4-9724-456AEFD65A54.jpeg?fit=1200%2C790&ssl=1&resize=700%2C400 2x, https:\/\/i0.wp.com\/www.pfarrei-due-wo.de\/wp-content\/uploads\/2026\/02\/CB7CD1FA-3509-47C4-9724-456AEFD65A54.jpeg?fit=1200%2C790&ssl=1&resize=1050%2C600 3x"},"classes":[]},{"id":91,"url":"https:\/\/www.pfarrei-due-wo.de\/?page_id=91","url_meta":{"origin":6020,"position":3},"title":"Pfarreigeschichte","author":"Matthias Heimler","date":"6. Mai 2017","format":false,"excerpt":"Die ersten aktenkundlichen Belege D\u00fcrnsricht D\u00fcrnsricht wird 1286 als selbstst\u00e4ndige Pfarrei aufgef\u00fchrt. Der erste Pfarrer des Ortes, Provisor Friedrich von Allenburg, war ein Angeh\u00f6riger des Klosters Ensdorf. Er legte dort seine Profess ab und wirkte in D\u00fcrnsricht von 1289 bis 1301. Danach wurde er Prior und 1309 Abt des Klosters.\u2026","rel":"","context":"\u00c4hnlicher Beitrag","block_context":{"text":"\u00c4hnlicher Beitrag","link":""},"img":{"alt_text":"","src":"https:\/\/i0.wp.com\/www.pfarrei-due-wo.de\/wp-content\/uploads\/2023\/08\/schindler.jpg?resize=350%2C200&ssl=1","width":350,"height":200},"classes":[]},{"id":6055,"url":"https:\/\/www.pfarrei-due-wo.de\/?page_id=6055","url_meta":{"origin":6020,"position":4},"title":"Renovierungsma\u00dfnahmen St. Michael, Wolfring","author":"Matthias Heimler","date":"16. Mai 2021","format":false,"excerpt":"Nach der Au\u00dfenrenovierung folgt die Innenrenovierung Nachdem das Ge\u00e4ubde au\u00dfen in Stand gesetzt wurde, ist derzeit die Innenrenovierung in Planung\/Durchf\u00fchrung. Weil eine Gesamtrenovierung finanziell nicht zu stemmen w\u00e4re, wird die Gesamtma\u00dfnahme in vier Bauabschnitte unterteilt. < zur\u00fcck | weiter > \u00a0","rel":"","context":"\u00c4hnlicher Beitrag","block_context":{"text":"\u00c4hnlicher Beitrag","link":""},"img":{"alt_text":"","src":"https:\/\/i0.wp.com\/www.pfarrei-due-wo.de\/wp-content\/uploads\/2019\/05\/2019.05.04-Ca-01-e1557854371980.jpg?fit=1200%2C536&ssl=1&resize=350%2C200","width":350,"height":200,"srcset":"https:\/\/i0.wp.com\/www.pfarrei-due-wo.de\/wp-content\/uploads\/2019\/05\/2019.05.04-Ca-01-e1557854371980.jpg?fit=1200%2C536&ssl=1&resize=350%2C200 1x, https:\/\/i0.wp.com\/www.pfarrei-due-wo.de\/wp-content\/uploads\/2019\/05\/2019.05.04-Ca-01-e1557854371980.jpg?fit=1200%2C536&ssl=1&resize=525%2C300 1.5x, https:\/\/i0.wp.com\/www.pfarrei-due-wo.de\/wp-content\/uploads\/2019\/05\/2019.05.04-Ca-01-e1557854371980.jpg?fit=1200%2C536&ssl=1&resize=700%2C400 2x, https:\/\/i0.wp.com\/www.pfarrei-due-wo.de\/wp-content\/uploads\/2019\/05\/2019.05.04-Ca-01-e1557854371980.jpg?fit=1200%2C536&ssl=1&resize=1050%2C600 3x"},"classes":[]},{"id":6867,"url":"https:\/\/www.pfarrei-due-wo.de\/?page_id=6867","url_meta":{"origin":6020,"position":5},"title":"Katholischer Friedhof St. Michael","author":"Matthias Heimler","date":"30. November 2021","format":false,"excerpt":"Dem gelebten Leben Respekt, Achtung und Andenken Unser Friedhof ist ein Ort, an dem wir dem gelebten Leben eines Menschen mit Respekt begegnen, sein Andenken bewahren und ehren. Wir wollen unsere Verstorbenen mit Respekt bestatten und den trauernden Angeh\u00f6rigen und Freunden einen Ort bieten, an dem ihre Trauer einen festen\u2026","rel":"","context":"\u00c4hnlicher Beitrag","block_context":{"text":"\u00c4hnlicher Beitrag","link":""},"img":{"alt_text":"","src":"https:\/\/i0.wp.com\/www.pfarrei-due-wo.de\/wp-content\/uploads\/2020\/04\/2014-Wo-Kirche-01-300x200.jpg?resize=350%2C200","width":350,"height":200},"classes":[]}],"publishpress_future_action":{"enabled":false,"date":"2026-09-11 08:29:38","action":"change-status","newStatus":"draft","terms":[],"taxonomy":"","extraData":[]},"publishpress_future_workflow_manual_trigger":{"enabledWorkflows":[]},"_links":{"self":[{"href":"https:\/\/www.pfarrei-due-wo.de\/index.php?rest_route=\/wp\/v2\/pages\/6020","targetHints":{"allow":["GET"]}}],"collection":[{"href":"https:\/\/www.pfarrei-due-wo.de\/index.php?rest_route=\/wp\/v2\/pages"}],"about":[{"href":"https:\/\/www.pfarrei-due-wo.de\/index.php?rest_route=\/wp\/v2\/types\/page"}],"author":[{"embeddable":true,"href":"https:\/\/www.pfarrei-due-wo.de\/index.php?rest_route=\/wp\/v2\/users\/4"}],"replies":[{"embeddable":true,"href":"https:\/\/www.pfarrei-due-wo.de\/index.php?rest_route=%2Fwp%2Fv2%2Fcomments&post=6020"}],"version-history":[{"count":28,"href":"https:\/\/www.pfarrei-due-wo.de\/index.php?rest_route=\/wp\/v2\/pages\/6020\/revisions"}],"predecessor-version":[{"id":6091,"href":"https:\/\/www.pfarrei-due-wo.de\/index.php?rest_route=\/wp\/v2\/pages\/6020\/revisions\/6091"}],"wp:attachment":[{"href":"https:\/\/www.pfarrei-due-wo.de\/index.php?rest_route=%2Fwp%2Fv2%2Fmedia&parent=6020"}],"curies":[{"name":"wp","href":"https:\/\/api.w.org\/{rel}","templated":true}]}}